{"id":17185,"date":"2024-03-03T18:06:12","date_gmt":"2024-03-03T17:06:12","guid":{"rendered":"https:\/\/kilianamrehn.com\/impressum-datenschutz\/"},"modified":"2025-04-18T14:52:43","modified_gmt":"2025-04-18T12:52:43","slug":"impressum-datenschutz","status":"publish","type":"page","link":"https:\/\/kilianamrehn.com\/de\/impressum-datenschutz\/","title":{"rendered":"Impressum &amp; Datenschutz"},"content":{"rendered":"\t\t<div data-elementor-type=\"wp-page\" data-elementor-id=\"17185\" class=\"elementor elementor-17185 elementor-12175\" data-elementor-post-type=\"page\">\n\t\t\t\t<div class=\"elementor-element elementor-element-0b819db e-con-full e-flex e-con e-parent\" data-id=\"0b819db\" data-element_type=\"container\" data-settings=\"{&quot;content_width&quot;:&quot;full&quot;}\" data-core-v316-plus=\"true\">\n\t\t<div class=\"elementor-element elementor-element-6e0415b e-flex e-con-boxed e-con e-child\" data-id=\"6e0415b\" data-element_type=\"container\" data-settings=\"{&quot;content_width&quot;:&quot;boxed&quot;}\">\n\t\t\t\t\t<div class=\"e-con-inner\">\n\t\t\t\t<div class=\"elementor-element elementor-element-c0a9b5f elementor-widget elementor-widget-lorne_core_section_title\" data-id=\"c0a9b5f\" data-element_type=\"widget\" data-widget_type=\"lorne_core_section_title.default\">\n\t\t\t\t<div class=\"elementor-widget-container\">\n\t\t\t<div class=\"qodef-shortcode qodef-m  qodef-section-title qodef-alignment--left  \">\n\t\t\t<h2 class=\"qodef-m-title\" style=\"font-weight: 300\">\n\t\t\t\t\tImpressum\t\t\t<\/h2>\n\t\t<\/div>\n\t\t<\/div>\n\t\t\t\t<\/div>\n\t\t\t\t<div class=\"elementor-element elementor-element-c3899d3 elementor-widget elementor-widget-text-editor\" data-id=\"c3899d3\" data-element_type=\"widget\" data-widget_type=\"text-editor.default\">\n\t\t\t\t<div class=\"elementor-widget-container\">\n\t\t\t<style>\/*! elementor - v3.19.0 - 28-02-2024 *\/\n.elementor-widget-text-editor.elementor-drop-cap-view-stacked .elementor-drop-cap{background-color:#69727d;color:#fff}.elementor-widget-text-editor.elementor-drop-cap-view-framed .elementor-drop-cap{color:#69727d;border:3px solid;background-color:transparent}.elementor-widget-text-editor:not(.elementor-drop-cap-view-default) .elementor-drop-cap{margin-top:8px}.elementor-widget-text-editor:not(.elementor-drop-cap-view-default) .elementor-drop-cap-letter{width:1em;height:1em}.elementor-widget-text-editor .elementor-drop-cap{float:left;text-align:center;line-height:1;font-size:50px}.elementor-widget-text-editor .elementor-drop-cap-letter{display:inline-block}<\/style>\t\t\t\t<p class=\"\">Kilian Amrehn <br>Photographer<\/p><p class=\"\">J\u00fclicher Str. 24 <br>50674 K\u00f6ln <\/p><p class=\"\">hello(at)kilianamrehn.com<br>+49 (0)176 89000605<\/p><p class=\"\">Texte<br>Kilian Amrehn<\/p><p class=\"\">Gestaltung Erscheinungsbild<br>Holic Design <\/p><p class=\"\">Logo: Regina P\u00f6ll<\/p><p class=\"\">Foto bei about: Fabian Podzuweit<\/p><p class=\"\">Haftungsbeschr\u00e4nkung<br>Die Inhalte dieser Website werden mit gr\u00f6\u00dftm\u00f6glicher Sorgfalt erstellt. Der Anbieter \u00fcbernimmt jedoch keine Gew\u00e4hr f\u00fcr die Richtigkeit, Vollst\u00e4ndigkeit und Aktualit\u00e4t der bereitgestellten Inhalte. Die Nutzung der Inhalte der Website erfolgt auf eigene Gefahr des\/der Nutzer\/s\/in.  <\/p><p class=\"\">Externe Links<br>Diese Website enth\u00e4lt Verkn\u00fcpfungen zu Websites Dritter (\u201cexterne Links\u201d). Diese Websites unterliegen der Haftung der jeweiligen Betreiber\/innen. Der Anbieter hat bei der erstmaligen Verkn\u00fcpfung der externen Links die fremden Inhalte daraufhin \u00fcberpr\u00fcft, ob etwaige Rechtsverst\u00f6\u00dfe bestehen. Zu dem Zeitpunkt waren keine Rechtsverst\u00f6\u00dfe ersichtlich.   <\/p><p class=\"\">Das Setzen von externen Links bedeutet nicht, dass sich der Anbieter die hinter dem Verweis oder Link liegenden Inhalte zu Eigen macht. Bei Kenntnis von Rechtsverst\u00f6\u00dfen werden jedoch derartige externe Links unverz\u00fcglich gel\u00f6scht. <\/p><p class=\"\">Urheber\/innen- und Leistungsschutzrechte<br>Die auf dieser Website ver\u00f6ffentlichten Inhalte unterliegen dem deutschen Urheber\/innen- und Leistungsschutzrecht. Jede vom deutschen Urheber\/innen- und Leistungsschutzrecht nicht zugelassene Verwertung bedarf der vorherigen schriftlichen Zustimmung der Anbieterin und\/oder des\/der jeweiligen Rechteinhaber\/s\/in. Dies gilt insbesondere f\u00fcr Vervielf\u00e4ltigung, Bearbeitung, \u00dcbersetzung, Einspeicherung, Verarbeitung bzw. Wiedergabe von Inhalten in Datenbanken oder anderen elektronischen Medien und Systemen.   <\/p><p class=\"\">Die unerlaubte Vervielf\u00e4ltigung oder Weitergabe einzelner Inhalte oder kompletter Seiten ist nicht gestattet und strafbar.<\/p><p class=\"\">Die Darstellung dieser Website in fremden Frames ist nur mit schriftlicher Erlaubnis zul\u00e4ssig.<\/p><p class=\"\">Datenschutz<br>Die Verwendung der Kontaktdaten des Impressums zur gewerblichen Werbung ist ausdr\u00fccklich nicht erw\u00fcnscht, es sei denn der Anbieter hat zuvor seine schriftliche Einwilligung erteilt oder es besteht bereits eine Gesch\u00e4ftsbeziehung. Der Anbieter und alle auf dieser Website genannten Personen widersprechen hiermit jeder kommerziellen Verwendung und Weitergabe ihrer Daten. <\/p><p class=\"\">Kennzeichenrecht<br>Der Autor ist bestrebt, in allen Publikationen die Urheber\/innen\/rechte der verwendeten Grafiken, Tondokumente, Videosequenzen und Texte zu beachten.<\/p><p class=\"\">Verf\u00fcgbarkeit<br>Der Anbieter beh\u00e4lt sich das Recht vor, sein Angebot jederzeit zu \u00e4ndern oder einzustellen.<\/p><p class=\"\">Anwendbares Recht<br>Es gilt ausschlie\u00dflich das ma\u00dfgebliche Recht der Bundesrepublik Deutschland.<\/p><p> <\/p><p><strong>EU Streitschlichtung:<\/strong><\/p><p>Die Europ\u00e4ische Kommission stellt eine Plattform zur Online-Streitbeilegung (OS) bereit: <a href=\"https:\/\/ec.europa.eu\/consumers\/odr\/\">https:\/\/ec.europa.eu\/consumers\/odr\/<\/a><\/p><p><strong>Verbraucherstreitbeilegung\/Universalschlichtungsstelle:<\/strong> Wir sind nicht bereit oder verpflichtet an Streitbeilegungsverfahren vor einer Verbraucherschlichtungsstelle teilzunehmen<\/p>\t\t\t\t\t\t<\/div>\n\t\t\t\t<\/div>\n\t\t\t\t<div class=\"elementor-element elementor-element-5a86e2b elementor-widget elementor-widget-spacer\" data-id=\"5a86e2b\" data-element_type=\"widget\" data-widget_type=\"spacer.default\">\n\t\t\t\t<div class=\"elementor-widget-container\">\n\t\t\t<style>\/*! elementor - v3.19.0 - 28-02-2024 *\/\n.elementor-column .elementor-spacer-inner{height:var(--spacer-size)}.e-con{--container-widget-width:100%}.e-con-inner>.elementor-widget-spacer,.e-con>.elementor-widget-spacer{width:var(--container-widget-width,var(--spacer-size));--align-self:var(--container-widget-align-self,initial);--flex-shrink:0}.e-con-inner>.elementor-widget-spacer>.elementor-widget-container,.e-con>.elementor-widget-spacer>.elementor-widget-container{height:100%;width:100%}.e-con-inner>.elementor-widget-spacer>.elementor-widget-container>.elementor-spacer,.e-con>.elementor-widget-spacer>.elementor-widget-container>.elementor-spacer{height:100%}.e-con-inner>.elementor-widget-spacer>.elementor-widget-container>.elementor-spacer>.elementor-spacer-inner,.e-con>.elementor-widget-spacer>.elementor-widget-container>.elementor-spacer>.elementor-spacer-inner{height:var(--container-widget-height,var(--spacer-size))}.e-con-inner>.elementor-widget-spacer.elementor-widget-empty,.e-con>.elementor-widget-spacer.elementor-widget-empty{position:relative;min-height:22px;min-width:22px}.e-con-inner>.elementor-widget-spacer.elementor-widget-empty .elementor-widget-empty-icon,.e-con>.elementor-widget-spacer.elementor-widget-empty .elementor-widget-empty-icon{position:absolute;top:0;bottom:0;left:0;right:0;margin:auto;padding:0;width:22px;height:22px}<\/style>\t\t<div class=\"elementor-spacer\">\n\t\t\t<div class=\"elementor-spacer-inner\"><\/div>\n\t\t<\/div>\n\t\t\t\t<\/div>\n\t\t\t\t<\/div>\n\t\t\t\t<div class=\"elementor-element elementor-element-1e519ad elementor-widget elementor-widget-lorne_core_section_title\" data-id=\"1e519ad\" data-element_type=\"widget\" data-widget_type=\"lorne_core_section_title.default\">\n\t\t\t\t<div class=\"elementor-widget-container\">\n\t\t\t<div class=\"qodef-shortcode qodef-m  qodef-section-title qodef-alignment--left  \">\n\t\t\t<h2 class=\"qodef-m-title\" style=\"font-weight: 300\">\n\t\t\t\t\tDatenschutz\t\t\t<\/h2>\n\t\t<\/div>\n\t\t<\/div>\n\t\t\t\t<\/div>\n\t\t\t\t<div class=\"elementor-element elementor-element-ad0803d elementor-widget elementor-widget-text-editor\" data-id=\"ad0803d\" data-element_type=\"widget\" data-widget_type=\"text-editor.default\">\n\t\t\t\t<div class=\"elementor-widget-container\">\n\t\t\t\t\t\t\t<p>Stand: 03.03.2024<\/p><p>Wir freuen uns \u00fcber Ihr Interesse an unserer Website. Der Schutz Ihrer Privatsph\u00e4re ist f\u00fcr uns von h\u00f6chster Bedeutung. Nachstehend informieren wir Sie ausf\u00fchrlich \u00fcber den Umgang mit Ihren Daten.  <\/p><p>1. Verantwortliche Stelle<\/p><p>Verantwortliche Stelle im Sinne der Datenschutzgesetze ist:<\/p><p>Kilian Amrehn<br>J\u00fclicher Str. 24<br>50674 K\u00f6ln<br>hello(at)kilianamrehn.com<br>+49 (0)176 89000605 <\/p><p>2. Erhebung und Verarbeitung personenbezogener Daten<\/p><p>a) Automatisch \u00fcbermittelte Daten: Bei jedem Zugriff auf unsere Website werden automatisch Informationen durch den Internet-Browser Ihres Endger\u00e4ts an den Server unserer Website gesendet und tempor\u00e4r in Log-Dateien (Server-Logfiles) gespeichert. Folgende Informationen werden dabei ohne Ihr Zutun erfasst und bis zur automatisierten L\u00f6schung gespeichert: <\/p><ul><li>IP-Adresse des anfragenden Rechners<\/li><li>Datum und Uhrzeit des Zugriffs<\/li><li>Name und URL der abgerufenen Datei<\/li><li>Website, von der aus der Zugriff erfolgt (Referrer-URL)<\/li><li>Verwendeter Browser und ggf. das Betriebssystem Ihres Rechners sowie der Name Ihres Access-Providers <\/li><\/ul><p>Die genannten Daten werden durch uns zu folgenden Zwecken verarbeitet:<\/p><ul><li>Gew\u00e4hrleistung eines reibungslosen Verbindungsaufbaus der Website<\/li><li>Gew\u00e4hrleistung einer komfortablen Nutzung unserer Website<\/li><li>Auswertung der Systemsicherheit und -stabilit\u00e4t<\/li><\/ul><p>Die Rechtsgrundlage f\u00fcr die Datenverarbeitung ist Art. 6 Abs. 1 S. 1 lit. f DSGVO. Unser berechtigtes Interesse folgt aus oben aufgelisteten Zwecken zur Datenerhebung. In keinem Fall verwenden wir die erhobenen Daten zu dem Zweck, R\u00fcckschl\u00fcsse auf Ihre Person zu ziehen.    <\/p><p>b) Kontaktformular: Wenn Sie uns per Kontaktformular Anfragen zukommen lassen, werden Ihre Angaben aus dem Anfrageformular inklusive der von Ihnen dort angegebenen Kontaktdaten zwecks Bearbeitung der Anfrage und f\u00fcr den Fall von Anschlussfragen bei uns gespeichert. Diese Daten geben wir nicht ohne Ihre Einwilligung weiter. Die Verarbeitung der in das Kontaktformular eingegebenen Daten erfolgt somit ausschlie\u00dflich auf Grundlage Ihrer Einwilligung (Art. 6 Abs. 1 lit. a DSGVO). Sie k\u00f6nnen diese Einwilligung jederzeit widerrufen. Dazu reicht eine formlose Mitteilung per E-Mail an uns. Die Rechtm\u00e4\u00dfigkeit der bis zum Widerruf erfolgten Datenverarbeitungsvorg\u00e4nge bleibt vom Widerruf unber\u00fchrt.     <\/p><p>3. Weitergabe von Daten<\/p><p>Eine \u00dcbermittlung Ihrer pers\u00f6nlichen Daten an Dritte zu anderen als den im Folgenden aufgef\u00fchrten Zwecken findet nicht statt. Wir geben Ihre pers\u00f6nlichen Daten nur an Dritte weiter, wenn: <\/p><ul><li>Sie Ihre ausdr\u00fcckliche Einwilligung dazu erteilt haben,<\/li><li>die Verarbeitung zur Abwicklung eines Vertrags mit Ihnen erforderlich ist,<\/li><li>die Verarbeitung zur Erf\u00fcllung einer rechtlichen Verpflichtung erforderlich ist,<\/li><li>die Verarbeitung zur Wahrung berechtigter Interessen erforderlich ist und kein Grund zur Annahme besteht, dass Sie ein \u00fcberwiegendes schutzw\u00fcrdiges Interesse an der Nichtweitergabe Ihrer Daten haben.<\/li><\/ul><p>4. Cookies<\/p><p>Wir setzen auf unserer Seite Cookies ein. Hierbei handelt es sich um kleine Dateien, die Ihr Browser automatisch erstellt und die auf Ihrem Endger\u00e4t (Laptop, Tablet, Smartphone o.\u00e4.) gespeichert werden, wenn Sie unsere Seite besuchen. Cookies richten auf Ihrem Endger\u00e4t keinen Schaden an, enthalten keine Viren, Trojaner oder sonstige Schadsoftware.  <\/p><p>In dem Cookie werden Informationen abgelegt, die sich jeweils im Zusammenhang mit dem spezifisch eingesetzten Endger\u00e4t ergeben. Dies bedeutet jedoch nicht, dass wir dadurch unmittelbar Kenntnis von Ihrer Identit\u00e4t erhalten. <\/p><p>Der Einsatz von Cookies dient einerseits dazu, die Nutzung unseres Angebots f\u00fcr Sie angenehmer zu gestalten. So setzen wir sogenannte Session-Cookies ein, um zu erkennen, dass Sie einzelne Seiten unserer Website bereits besucht haben. Diese werden nach Verlassen unserer Seite automatisch gel\u00f6scht.  <\/p><p>Dar\u00fcber hinaus setzen wir ebenfalls zur Optimierung der Benutzerfreundlichkeit tempor\u00e4re Cookies ein, die f\u00fcr einen bestimmten festgelegten Zeitraum auf Ihrem Endger\u00e4t gespeichert werden. Besuchen Sie unsere Seite erneut, um unsere Dienste in Anspruch zu nehmen, wird automatisch erkannt, dass Sie bereits bei uns waren und welche Eingaben und Einstellungen sie get\u00e4tigt haben, um diese nicht noch einmal eingeben zu m\u00fcssen. <\/p><p>Die durch Cookies verarbeiteten Daten sind f\u00fcr die genannten Zwecke zur Wahrung unserer berechtigten Interessen sowie der Dritter nach Art. 6 Abs. 1 S. 1 lit. f DSGVO erforderlich.  <\/p><p>Die meisten Browser akzeptieren Cookies automatisch. Sie k\u00f6nnen Ihren Browser jedoch so konfigurieren, dass keine Cookies auf Ihrem Computer gespeichert werden oder stets ein Hinweis erscheint, bevor ein neues Cookie angelegt wird. Die vollst\u00e4ndige Deaktivierung von Cookies kann jedoch dazu f\u00fchren, dass Sie nicht alle Funktionen unserer Website nutzen k\u00f6nnen.  <\/p><p>5. Analyse-Tools<\/p><p>a) Tracking-Tools: Die im Folgenden aufgef\u00fchrten und von uns eingesetzten Tracking-Ma\u00dfnahmen werden auf Grundlage des Art. 6 Abs. 1 S. 1 lit. f DSGVO durchgef\u00fchrt. Mit den zum Einsatz kommenden Tracking-Ma\u00dfnahmen wollen wir eine bedarfsgerechte Gestaltung und die fortlaufende Optimierung unserer Webseite sicherstellen. Zum anderen setzen wir die Tracking-Ma\u00dfnahmen ein, um die Nutzung unserer Webseite statistisch zu erfassen und zum Zwecke der Optimierung unseres Angebotes f\u00fcr Sie auszuwerten. Diese Interessen sind als berechtigt im Sinne der vorgenannten Vorschrift anzusehen.     <\/p><p>Die jeweiligen Datenverarbeitungszwecke und Datenkategorien sind aus den entsprechenden Tracking-Tools zu entnehmen.<\/p><p>b) Google Analytics: Zum Zwecke der bedarfsgerechten Gestaltung und fortlaufenden Optimierung unserer Seiten nutzen wir Google Analytics, ein Webanalysedienst der Google Inc. (<a target=\"_new\">https:\/\/www.google.de\/intl\/de\/about\/<\/a>) (1600 Amphitheatre Parkway, Mountain View, CA 94043, USA; im Folgenden \u201eGoogle\u201c). In diesem Zusammenhang werden pseudonymisierte Nutzungsprofile erstellt und Cookies (siehe unter Ziff. 4) verwendet. Die durch den Cookie erzeugten Informationen \u00fcber Ihre Benutzung dieser Website wie:  <\/p><ul><li>Browser-Typ\/-Version,<\/li><li>verwendetes Betriebssystem,<\/li><li>Referrer-URL (die zuvor besuchte Seite),<\/li><li>Hostname des zugreifenden Rechners (IP-Adresse),<\/li><li>Uhrzeit der Serveranfrage,<\/li><\/ul><p>werden an einen Server von Google in den USA \u00fcbertragen und dort gespeichert. Die Informationen werden verwendet, um die Nutzung der Website auszuwerten, um Reports \u00fcber die Websiteaktivit\u00e4ten zusammenzustellen und um weitere mit der Websitenutzung und der Internetnutzung verbundene Dienstleistungen zu Zwecken der Marktforschung und bedarfsgerechten Gestaltung dieser Internetseiten zu erbringen. Auch werden diese Informationen gegebenenfalls an Dritte \u00fcbertragen, sofern dies gesetzlich vorgeschrieben ist oder soweit Dritte diese Daten im Auftrag verarbeiten. Es wird in keinem Fall Ihre IP-Adresse mit anderen Daten von Google zusammengef\u00fchrt. Die IP-Adressen werden anonymisiert, so dass eine Zuordnung nicht m\u00f6glich ist (IP-Masking).    <\/p><p>Sie k\u00f6nnen die Installation der Cookies durch eine entsprechende Einstellung der Browser-Software verhindern; wir weisen jedoch darauf hin, dass in diesem Fall gegebenenfalls nicht s\u00e4mtliche Funktionen dieser Website vollumf\u00e4nglich genutzt werden k\u00f6nnen. Sie k\u00f6nnen dar\u00fcber hinaus die Erfassung der durch das Cookie erzeugten und auf Ihre Nutzung der Website bezogenen Daten (inkl. Ihrer IP-Adresse) sowie die Verarbeitung dieser Daten durch Google verhindern, indem Sie ein Browser-Add-on herunterladen und installieren (<a target=\"_new\">https:\/\/tools.google.com\/dlpage\/gaoptout?hl=de<\/a>). <\/p><p>Alternativ zum Browser-Add-on, insbesondere bei Browsern auf mobilen Endger\u00e4ten, k\u00f6nnen Sie die Erfassung durch Google Analytics zudem verhindern, indem Sie auf diesen Link klicken. Es wird ein Opt-out-Cookie gesetzt, das die zuk\u00fcnftige Erfassung Ihrer Daten beim Besuch dieser Website verhindert. Der Opt-out-Cookie gilt nur in diesem Browser und nur f\u00fcr unsere Website und wird auf Ihrem Ger\u00e4t abgelegt. L\u00f6schen Sie die Cookies in diesem Browser, m\u00fcssen Sie das Opt-out-Cookie erneut setzen.   <\/p><p>Weitere Informationen zum Datenschutz im Zusammenhang mit Google Analytics finden Sie etwa in der Google Analytics-Hilfe (<a target=\"_new\">https:\/\/support.google.com\/analytics\/answer\/6004245?hl=de<\/a>).<\/p><p>c) Social Media Plugins<\/p><p>Wir setzen auf unserer Website auf Grundlage des Art. 6 Abs. 1 S. 1 lit. f DSGVO Social Plugins der sozialen Netzwerke Facebook, Twitter und Instagram ein, um unsere Kanzlei hier\u00fcber bekannter zu machen. Der dahinterstehende werbliche Zweck ist als berechtigtes Interesse im Sinne der DSGVO anzusehen. Die Verantwortung f\u00fcr den datenschutzkonformen Betrieb ist durch deren jeweiligen Anbieter zu gew\u00e4hrleisten. Die Einbindung dieser Plugins durch uns erfolgt im Wege der sogenannten Zwei-Klick-Methode um Besucher unserer Webseite bestm\u00f6glich zu sch\u00fctzen.     <\/p><p>6. Betroffenenrechte<\/p><p>Sie haben das Recht:<\/p><ul><li>gem\u00e4\u00df Art. 15 DSGVO Auskunft \u00fcber Ihre von uns verarbeiteten personenbezogenen Daten zu verlangen. Insbesondere k\u00f6nnen Sie Auskunft \u00fcber die Verarbeitungszwecke, die Kategorie der personenbezogenen Daten, die Kategorien von Empf\u00e4ngern, gegen\u00fcber denen Ihre Daten offengelegt wurden oder werden, die geplante Speicherdauer, das Bestehen eines Rechts auf Berichtigung, L\u00f6schung, Einschr\u00e4nkung der Verarbeitung oder Widerspruch, das Bestehen eines Beschwerderechts, die Herkunft ihrer Daten, sofern diese nicht bei uns erhoben wurden, sowie \u00fcber das Bestehen einer automatisierten Entscheidungsfindung einschlie\u00dflich Profiling und ggf. aussagekr\u00e4ftigen Informationen zu deren Einzelheiten verlangen;  <\/li><li>gem\u00e4\u00df Art. 16 DSGVO unverz\u00fcglich die Berichtigung unrichtiger oder Vervollst\u00e4ndigung Ihrer bei uns gespeicherten personenbezogenen Daten zu verlangen;<\/li><li>gem\u00e4\u00df Art. 17 DSGVO die L\u00f6schung Ihrer bei uns gespeicherten personenbezogenen Daten zu verlangen, soweit nicht die Verarbeitung zur Aus\u00fcbung des Rechts auf freie Meinungs\u00e4u\u00dferung und Information, zur Erf\u00fcllung einer rechtlichen Verpflichtung, aus Gr\u00fcnden des \u00f6ffentlichen Interesses oder zur Geltendmachung, Aus\u00fcbung oder Verteidigung von Rechtsanspr\u00fcchen erforderlich ist;<\/li><li>gem\u00e4\u00df Art. 18 DSGVO die Einschr\u00e4nkung der Verarbeitung Ihrer personenbezogenen Daten zu verlangen, soweit die Richtigkeit der Daten von Ihnen bestritten wird, die Verarbeitung unrechtm\u00e4\u00dfig ist, Sie aber deren L\u00f6schung ablehnen und wir die Daten nicht mehr ben\u00f6tigen, Sie jedoch diese zur Geltendmachung, Aus\u00fcbung oder Verteidigung von Rechtsanspr\u00fcchen ben\u00f6tigen oder Sie gem\u00e4\u00df Art. 21 DSGVO Widerspruch gegen die Verarbeitung eingelegt haben;<\/li><li>gem\u00e4\u00df Art. 20 DSGVO Ihre personenbezogenen Daten, die Sie uns bereitgestellt haben, in einem strukturierten, g\u00e4ngigen und maschinenlesebaren Format zu erhalten oder die \u00dcbermittlung an einen anderen Verantwortlichen zu verlangen;<\/li><li>gem\u00e4\u00df Art. 7 Abs. 3 DSGVO Ihre einmal erteilte Einwilligung jederzeit gegen\u00fcber uns zu widerrufen. Dies hat zur Folge, dass wir die Datenverarbeitung, die auf dieser Einwilligung beruhte, f\u00fcr die Zukunft nicht mehr fortf\u00fchren d\u00fcrfen und  <\/li><li>gem\u00e4\u00df Art. 77 DSGVO sich bei einer Aufsichtsbeh\u00f6rde zu beschweren. In der Regel k\u00f6nnen Sie sich hierf\u00fcr an die Aufsichtsbeh\u00f6rde Ihres \u00fcblichen Aufenthaltsortes oder Arbeitsplatzes oder unseres Kanzleisitzes wenden. <\/li><\/ul><p>7. Widerspruchsrecht<\/p><p>Sofern Ihre personenbezogenen Daten auf Grundlage von berechtigten Interessen gem\u00e4\u00df Art. 6 Abs. 1 S. 1 lit. f DSGVO verarbeitet werden, haben Sie das Recht, gem\u00e4\u00df Art. 21 DSGVO Widerspruch gegen die Verarbeitung Ihrer personenbezogenen Daten einzulegen, soweit daf\u00fcr Gr\u00fcnde vorliegen, die sich aus Ihrer besonderen Situation ergeben oder sich der Widerspruch gegen Direktwerbung richtet. Im letzteren Fall haben Sie ein generelles Widerspruchsrecht, das ohne Angabe einer besonderen Situation von uns umgesetzt wird.   <\/p><p>M\u00f6chten Sie von Ihrem Widerrufs- oder Widerspruchsrecht Gebrauch machen, gen\u00fcgt eine E-Mail an hello(at)kilianamrehn.com.<br><br><\/p><p>8. Datensicherheit<\/p><p>Wir verwenden innerhalb des Website-Besuchs das verbreitete SSL-Verfahren (Secure Socket Layer) in Verbindung mit der jeweils h\u00f6chsten Verschl\u00fcsselungsstufe, die von Ihrem Browser unterst\u00fctzt wird. In der Regel handelt es sich dabei um eine 256-Bit-Verschl\u00fcsselung. Falls Ihr Browser keine 256-Bit-Verschl\u00fcsselung unterst\u00fctzt, greifen wir stattdessen auf 128-Bit-v3-Technologie zur\u00fcck. Ob eine einzelne Seite unseres Internetauftrittes verschl\u00fcsselt \u00fcbertragen wird, erkennen Sie an der geschlossenen Darstellung des Schl\u00fcssel- beziehungsweise Schloss-Symbols in der unteren Statusleiste Ihres Browsers.   <\/p><p>Wir bedienen uns im \u00dcbrigen geeigneter technischer und organisatorischer Sicherheitsma\u00dfnahmen, um Ihre Daten gegen zuf\u00e4llige oder vors\u00e4tzliche Manipulationen, teilweisen oder vollst\u00e4ndigen Verlust, Zerst\u00f6rung oder gegen den unbefugten Zugriff Dritter zu sch\u00fctzen. Unsere Sicherheitsma\u00dfnahmen werden entsprechend der technologischen Entwicklung fortlaufend verbessert. <\/p><ol start=\"9\"><li>Aktualit\u00e4t und \u00c4nderung dieser Datenschutzerkl\u00e4rung<\/li><\/ol><p>Diese Datenschutzerkl\u00e4rung ist aktuell g\u00fcltig und hat den Stand 03.03.2024. Durch die Weiterentwicklung unserer Website und Angebote dar\u00fcber oder aufgrund ge\u00e4nderter gesetzlicher beziehungsweise beh\u00f6rdlicher Vorgaben kann es notwendig werden, diese Datenschutzerkl\u00e4rung zu \u00e4ndern. Die jeweils aktuelle Datenschutzerkl\u00e4rung kann jederzeit auf der Website von Ihnen abgerufen und ausgedruckt werden.  <\/p>\t\t\t\t\t\t<\/div>\n\t\t\t\t<\/div>\n\t\t\t\t\t<\/div>\n\t\t\t\t<\/div>\n\t\t\t\t<\/div>\n\t\t\t\t<\/div>\n\t\t","protected":false},"excerpt":{"rendered":"<p>Impressum Kilian Amrehn Photographer J\u00fclicher Str. 24 50674 K\u00f6ln hello(at)kilianamrehn.com+49 (0)176 89000605 TexteKilian Amrehn Gestaltung ErscheinungsbildHolic Design Logo: Regina P\u00f6ll Foto bei about: Fabian Podzuweit Haftungsbeschr\u00e4nkungDie Inhalte dieser Website werden mit gr\u00f6\u00dftm\u00f6glicher Sorgfalt erstellt. Der Anbieter \u00fcbernimmt jedoch keine Gew\u00e4hr f\u00fcr die Richtigkeit, Vollst\u00e4ndigkeit und Aktualit\u00e4t der bereitgestellten Inhalte. Die Nutzung der Inhalte der Website [&hellip;]<\/p>\n","protected":false},"author":1,"featured_media":0,"parent":0,"menu_order":0,"comment_status":"closed","ping_status":"closed","template":"page-full-width.php","meta":{"footnotes":""},"class_list":["post-17185","page","type-page","status-publish","hentry"],"yoast_head":"<!-- This site is optimized with the Yoast SEO plugin v22.3 - https:\/\/yoast.com\/wordpress\/plugins\/seo\/ -->\n<title>Impressum &amp; Datenschutz - Kilian Amrehn Fotografie<\/title>\n<meta name=\"robots\" content=\"index, follow, max-snippet:-1, max-image-preview:large, max-video-preview:-1\" \/>\n<link rel=\"canonical\" href=\"https:\/\/kilianamrehn.com\/de\/impressum-datenschutz\/\" \/>\n<meta property=\"og:locale\" content=\"de_DE\" \/>\n<meta property=\"og:type\" content=\"article\" \/>\n<meta property=\"og:title\" content=\"Impressum &amp; Datenschutz - Kilian Amrehn Fotografie\" \/>\n<meta property=\"og:description\" content=\"Impressum Kilian Amrehn Photographer J\u00fclicher Str. 24 50674 K\u00f6ln hello(at)kilianamrehn.com+49 (0)176 89000605 TexteKilian Amrehn Gestaltung ErscheinungsbildHolic Design Logo: Regina P\u00f6ll Foto bei about: Fabian Podzuweit Haftungsbeschr\u00e4nkungDie Inhalte dieser Website werden mit gr\u00f6\u00dftm\u00f6glicher Sorgfalt erstellt. Der Anbieter \u00fcbernimmt jedoch keine Gew\u00e4hr f\u00fcr die Richtigkeit, Vollst\u00e4ndigkeit und Aktualit\u00e4t der bereitgestellten Inhalte. Die Nutzung der Inhalte der Website [&hellip;]\" \/>\n<meta property=\"og:url\" content=\"https:\/\/kilianamrehn.com\/de\/impressum-datenschutz\/\" \/>\n<meta property=\"og:site_name\" content=\"Kilian Amrehn Fotografie\" \/>\n<meta property=\"article:modified_time\" content=\"2025-04-18T12:52:43+00:00\" \/>\n<meta name=\"twitter:card\" content=\"summary_large_image\" \/>\n<meta name=\"twitter:label1\" content=\"Gesch\u00e4tzte Lesezeit\" \/>\n\t<meta name=\"twitter:data1\" content=\"11\u00a0Minuten\" \/>\n<script type=\"application\/ld+json\" class=\"yoast-schema-graph\">{\"@context\":\"https:\/\/schema.org\",\"@graph\":[{\"@type\":\"WebPage\",\"@id\":\"https:\/\/kilianamrehn.com\/de\/impressum-datenschutz\/\",\"url\":\"https:\/\/kilianamrehn.com\/de\/impressum-datenschutz\/\",\"name\":\"Impressum &amp; Datenschutz - Kilian Amrehn Fotografie\",\"isPartOf\":{\"@id\":\"https:\/\/kilianamrehn.com\/de\/#website\"},\"datePublished\":\"2024-03-03T17:06:12+00:00\",\"dateModified\":\"2025-04-18T12:52:43+00:00\",\"breadcrumb\":{\"@id\":\"https:\/\/kilianamrehn.com\/de\/impressum-datenschutz\/#breadcrumb\"},\"inLanguage\":\"de\",\"potentialAction\":[{\"@type\":\"ReadAction\",\"target\":[\"https:\/\/kilianamrehn.com\/de\/impressum-datenschutz\/\"]}]},{\"@type\":\"BreadcrumbList\",\"@id\":\"https:\/\/kilianamrehn.com\/de\/impressum-datenschutz\/#breadcrumb\",\"itemListElement\":[{\"@type\":\"ListItem\",\"position\":1,\"name\":\"Startseite\",\"item\":\"https:\/\/kilianamrehn.com\/de\/\"},{\"@type\":\"ListItem\",\"position\":2,\"name\":\"Impressum &amp; Datenschutz\"}]},{\"@type\":\"WebSite\",\"@id\":\"https:\/\/kilianamrehn.com\/de\/#website\",\"url\":\"https:\/\/kilianamrehn.com\/de\/\",\"name\":\"Kilian Amrehn Fotografie\",\"description\":\"\",\"publisher\":{\"@id\":\"https:\/\/kilianamrehn.com\/de\/#organization\"},\"potentialAction\":[{\"@type\":\"SearchAction\",\"target\":{\"@type\":\"EntryPoint\",\"urlTemplate\":\"https:\/\/kilianamrehn.com\/de\/?s={search_term_string}\"},\"query-input\":\"required name=search_term_string\"}],\"inLanguage\":\"de\"},{\"@type\":\"Organization\",\"@id\":\"https:\/\/kilianamrehn.com\/de\/#organization\",\"name\":\"Kilian Amrehn Fotografie\",\"url\":\"https:\/\/kilianamrehn.com\/de\/\",\"logo\":{\"@type\":\"ImageObject\",\"inLanguage\":\"de\",\"@id\":\"https:\/\/kilianamrehn.com\/de\/#\/schema\/logo\/image\/\",\"url\":\"https:\/\/kilianamrehn.com\/wp-content\/uploads\/2024\/01\/2022-12-xx_KilianAmrehnLogo_KILIANv1-1-e1709754872541.png\",\"contentUrl\":\"https:\/\/kilianamrehn.com\/wp-content\/uploads\/2024\/01\/2022-12-xx_KilianAmrehnLogo_KILIANv1-1-e1709754872541.png\",\"width\":762,\"height\":176,\"caption\":\"Kilian Amrehn Fotografie\"},\"image\":{\"@id\":\"https:\/\/kilianamrehn.com\/de\/#\/schema\/logo\/image\/\"},\"sameAs\":[\"https:\/\/www.instagram.com\/casual_kilian\"]}]}<\/script>\n<!-- \/ Yoast SEO plugin. -->","yoast_head_json":{"title":"Impressum &amp; Datenschutz - Kilian Amrehn Fotografie","robots":{"index":"index","follow":"follow","max-snippet":"max-snippet:-1","max-image-preview":"max-image-preview:large","max-video-preview":"max-video-preview:-1"},"canonical":"https:\/\/kilianamrehn.com\/de\/impressum-datenschutz\/","og_locale":"de_DE","og_type":"article","og_title":"Impressum &amp; Datenschutz - Kilian Amrehn Fotografie","og_description":"Impressum Kilian Amrehn Photographer J\u00fclicher Str. 24 50674 K\u00f6ln hello(at)kilianamrehn.com+49 (0)176 89000605 TexteKilian Amrehn Gestaltung ErscheinungsbildHolic Design Logo: Regina P\u00f6ll Foto bei about: Fabian Podzuweit Haftungsbeschr\u00e4nkungDie Inhalte dieser Website werden mit gr\u00f6\u00dftm\u00f6glicher Sorgfalt erstellt. Der Anbieter \u00fcbernimmt jedoch keine Gew\u00e4hr f\u00fcr die Richtigkeit, Vollst\u00e4ndigkeit und Aktualit\u00e4t der bereitgestellten Inhalte. Die Nutzung der Inhalte der Website [&hellip;]","og_url":"https:\/\/kilianamrehn.com\/de\/impressum-datenschutz\/","og_site_name":"Kilian Amrehn Fotografie","article_modified_time":"2025-04-18T12:52:43+00:00","twitter_card":"summary_large_image","twitter_misc":{"Gesch\u00e4tzte Lesezeit":"11\u00a0Minuten"},"schema":{"@context":"https:\/\/schema.org","@graph":[{"@type":"WebPage","@id":"https:\/\/kilianamrehn.com\/de\/impressum-datenschutz\/","url":"https:\/\/kilianamrehn.com\/de\/impressum-datenschutz\/","name":"Impressum &amp; Datenschutz - Kilian Amrehn Fotografie","isPartOf":{"@id":"https:\/\/kilianamrehn.com\/de\/#website"},"datePublished":"2024-03-03T17:06:12+00:00","dateModified":"2025-04-18T12:52:43+00:00","breadcrumb":{"@id":"https:\/\/kilianamrehn.com\/de\/impressum-datenschutz\/#breadcrumb"},"inLanguage":"de","potentialAction":[{"@type":"ReadAction","target":["https:\/\/kilianamrehn.com\/de\/impressum-datenschutz\/"]}]},{"@type":"BreadcrumbList","@id":"https:\/\/kilianamrehn.com\/de\/impressum-datenschutz\/#breadcrumb","itemListElement":[{"@type":"ListItem","position":1,"name":"Startseite","item":"https:\/\/kilianamrehn.com\/de\/"},{"@type":"ListItem","position":2,"name":"Impressum &amp; Datenschutz"}]},{"@type":"WebSite","@id":"https:\/\/kilianamrehn.com\/de\/#website","url":"https:\/\/kilianamrehn.com\/de\/","name":"Kilian Amrehn Fotografie","description":"","publisher":{"@id":"https:\/\/kilianamrehn.com\/de\/#organization"},"potentialAction":[{"@type":"SearchAction","target":{"@type":"EntryPoint","urlTemplate":"https:\/\/kilianamrehn.com\/de\/?s={search_term_string}"},"query-input":"required name=search_term_string"}],"inLanguage":"de"},{"@type":"Organization","@id":"https:\/\/kilianamrehn.com\/de\/#organization","name":"Kilian Amrehn Fotografie","url":"https:\/\/kilianamrehn.com\/de\/","logo":{"@type":"ImageObject","inLanguage":"de","@id":"https:\/\/kilianamrehn.com\/de\/#\/schema\/logo\/image\/","url":"https:\/\/kilianamrehn.com\/wp-content\/uploads\/2024\/01\/2022-12-xx_KilianAmrehnLogo_KILIANv1-1-e1709754872541.png","contentUrl":"https:\/\/kilianamrehn.com\/wp-content\/uploads\/2024\/01\/2022-12-xx_KilianAmrehnLogo_KILIANv1-1-e1709754872541.png","width":762,"height":176,"caption":"Kilian Amrehn Fotografie"},"image":{"@id":"https:\/\/kilianamrehn.com\/de\/#\/schema\/logo\/image\/"},"sameAs":["https:\/\/www.instagram.com\/casual_kilian"]}]}},"_links":{"self":[{"href":"https:\/\/kilianamrehn.com\/de\/wp-json\/wp\/v2\/pages\/17185","targetHints":{"allow":["GET"]}}],"collection":[{"href":"https:\/\/kilianamrehn.com\/de\/wp-json\/wp\/v2\/pages"}],"about":[{"href":"https:\/\/kilianamrehn.com\/de\/wp-json\/wp\/v2\/types\/page"}],"author":[{"embeddable":true,"href":"https:\/\/kilianamrehn.com\/de\/wp-json\/wp\/v2\/users\/1"}],"replies":[{"embeddable":true,"href":"https:\/\/kilianamrehn.com\/de\/wp-json\/wp\/v2\/comments?post=17185"}],"version-history":[{"count":1,"href":"https:\/\/kilianamrehn.com\/de\/wp-json\/wp\/v2\/pages\/17185\/revisions"}],"predecessor-version":[{"id":17186,"href":"https:\/\/kilianamrehn.com\/de\/wp-json\/wp\/v2\/pages\/17185\/revisions\/17186"}],"wp:attachment":[{"href":"https:\/\/kilianamrehn.com\/de\/wp-json\/wp\/v2\/media?parent=17185"}],"curies":[{"name":"wp","href":"https:\/\/api.w.org\/{rel}","templated":true}]}}